{"id":105,"date":"2013-01-14T16:21:45","date_gmt":"2013-01-14T16:21:45","guid":{"rendered":"https:\/\/blogs.ua.es\/judiosmedievales\/?page_id=105"},"modified":"2013-01-18T11:41:22","modified_gmt":"2013-01-18T11:41:22","slug":"las-matanzas-de-1391","status":"publish","type":"page","link":"https:\/\/blogs.ua.es\/judiosmedievales\/la-edad-conflictiva\/las-matanzas-de-1391\/","title":{"rendered":"Las matanzas de 1391"},"content":{"rendered":"<p>Desde mediados del siglo XIV la peste negra y las crisis han dado la oportunidad para que demagogos de toda clase \u2013 tanto los frailes mendicantes como los pol\u00edticos que rodean a Enrique de Trastamara \u2013 desv\u00eden hacia los jud\u00edos el profundo malestar del pueblo menudo. La comunidad jud\u00eda de Espa\u00f1a sirve de chivo expiatorio por los males que aquejan la sociedad: los jud\u00edos son los culpables de la muerte de Cristo; por ello, Dios se ensa\u00f1a contra los cristianos que toleran la presencia de los deicidas; si se quiere aplacar la ira de Dios, es preciso pedir perd\u00f3n por los pecados cometidos, mejorar de vida y, sobre todo, obligar a los jud\u00edos a confesar que Cristo es el Mes\u00edas que dicen esperar. Eso produce un cambio decisivo en la actitud de los medios eclesi\u00e1sticos en relaci\u00f3n con el tema jud\u00edo.<\/p>\n<p>Hasta 1391, se registran en toda Espa\u00f1a varias y dram\u00e1ticas escenas de violencia antijud\u00eda en las que el populacho, excitado por la propaganda y los sermones, a veces tambi\u00e9n animado por demagogos sin escr\u00fapulos, se lanzaba al asalto de juder\u00edas, robando, destrozando, violando, asesinando sin que las autoridades pudieran impedirlo. Se trata de acontecimientos tr\u00e1gicos, que acarrearon decenas, tal vez centenares, de muertes, pero eran, sin embargo, aislados. Lo que ocurre en 1391 ofrece un car\u00e1cter muy distinto. Aquel a\u00f1o se produce una ola de violencia contra las comunidades jud\u00edas de la parte meridional de la Corona de Castilla y que se extiende inmediatamente a toda la Corona de Arag\u00f3n. Las consecuencias van a ser catastr\u00f3ficas para el juda\u00edsmo espa\u00f1ol en su conjunto.<\/p>\n<p>Una primera revuelta sangrienta estalla en enero de 1391; el alguacil mayor, Alvar P\u00e9rez de Guzm\u00e1n, el conde de Niebla y los alcaldes mayores logran sofocarla y castigan a sus fautores, mand\u00e1ndoles a la horca. Pero el consejo de regencia cambia aquellas autoridades por otras. <strong>Ferr\u00e1n\u00a0Mart\u00ednez<\/strong>, \u00a0cl\u00e9rigo espa\u00f1o el 6 de junio lanza a sus hombres contra la juder\u00eda. Dos sinagogas son convertidas en iglesias; otras son quemadas; la revuelta causa la muerte de unas cuatrocientas personas de la comunidad jud\u00eda, cifra tal vez exagerada, pero que da idea del horror que causaron los acontecimientos; el saqueo y el pillaje acompa\u00f1an las matanzas y los incendios.<\/p>\n<div id=\"attachment_125\" style=\"width: 250px\" class=\"wp-caption aligncenter\"><a href=\"https:\/\/blogs.ua.es\/judiosmedievales\/files\/2013\/01\/Ferrer.jpg\"><img loading=\"lazy\" decoding=\"async\" aria-describedby=\"caption-attachment-125\" class=\"size-full wp-image-125\" src=\"https:\/\/blogs.ua.es\/judiosmedievales\/files\/2013\/01\/Ferrer.jpg\" alt=\"Ferr\u00e1n Mart\u00ednez\" width=\"240\" height=\"300\" \/><\/a><p id=\"caption-attachment-125\" class=\"wp-caption-text\">Ferr\u00e1n Mart\u00ednez<\/p><\/div>\n<div id=\"attachment_123\" style=\"width: 418px\" class=\"wp-caption aligncenter\"><a href=\"https:\/\/blogs.ua.es\/judiosmedievales\/files\/2013\/01\/Matanza-de-jud\u00edos-en-1391-en-Sevilla.gif\"><img loading=\"lazy\" decoding=\"async\" aria-describedby=\"caption-attachment-123\" class=\"size-full wp-image-123\" src=\"https:\/\/blogs.ua.es\/judiosmedievales\/files\/2013\/01\/Matanza-de-jud\u00edos-en-1391-en-Sevilla.gif\" alt=\"Matanza de jud\u00edos en 1391 en Sevilla\" width=\"408\" height=\"247\" srcset=\"https:\/\/blogs.ua.es\/judiosmedievales\/files\/2013\/01\/Matanza-de-jud\u00edos-en-1391-en-Sevilla.gif 408w, https:\/\/blogs.ua.es\/judiosmedievales\/files\/2013\/01\/Matanza-de-jud\u00edos-en-1391-en-Sevilla-300x181.gif 300w\" sizes=\"auto, (max-width: 408px) 100vw, 408px\" \/><\/a><p id=\"caption-attachment-123\" class=\"wp-caption-text\">Matanza de jud\u00edos en 1391 en Sevilla<\/p><\/div>\n<p>La violencia se extiende en los alrededores de Sevilla. Desde la baja Andaluc\u00eda pasa, a mediados de junio, a C\u00f3rdoba, luego a And\u00fajar, \u00dabeda, Baeza&#8230; En todas aquella poblaciones vuelven a producirse revueltas antijud\u00edas, no siempre espont\u00e1neas, asesinatos, robos, saqueos, incendios. La ola llega pronto a Ciudad Real, a Toledo, a Cuenca.<\/p>\n<div id=\"attachment_124\" style=\"width: 330px\" class=\"wp-caption aligncenter\"><a href=\"https:\/\/blogs.ua.es\/judiosmedievales\/files\/2013\/01\/Matanza-de-jud\u00edos-en-Barcelona.jpg\"><img loading=\"lazy\" decoding=\"async\" aria-describedby=\"caption-attachment-124\" class=\"size-full wp-image-124\" src=\"https:\/\/blogs.ua.es\/judiosmedievales\/files\/2013\/01\/Matanza-de-jud\u00edos-en-Barcelona.jpg\" alt=\"Matanza de jud\u00edos en Barcelona\" width=\"320\" height=\"228\" srcset=\"https:\/\/blogs.ua.es\/judiosmedievales\/files\/2013\/01\/Matanza-de-jud\u00edos-en-Barcelona.jpg 320w, https:\/\/blogs.ua.es\/judiosmedievales\/files\/2013\/01\/Matanza-de-jud\u00edos-en-Barcelona-300x213.jpg 300w\" sizes=\"auto, (max-width: 320px) 100vw, 320px\" \/><\/a><p id=\"caption-attachment-124\" class=\"wp-caption-text\">Matanza de jud\u00edos en Barcelona<\/p><\/div>\n<p>&nbsp;<\/p>\n","protected":false},"excerpt":{"rendered":"<p>Desde mediados del siglo XIV la peste negra y las crisis han dado la oportunidad para que demagogos de toda clase \u2013 tanto los frailes mendicantes como los pol\u00edticos que rodean a Enrique de Trastamara \u2013 desv\u00eden hacia los jud\u00edos &hellip; <a href=\"https:\/\/blogs.ua.es\/judiosmedievales\/la-edad-conflictiva\/las-matanzas-de-1391\/\">Continue reading <span class=\"meta-nav\">&rarr;<\/span><\/a><\/p>\n","protected":false},"author":2728,"featured_media":0,"parent":30,"menu_order":1,"comment_status":"open","ping_status":"closed","template":"","meta":{"footnotes":""},"class_list":["post-105","page","type-page","status-publish","hentry"],"_links":{"self":[{"href":"https:\/\/blogs.ua.es\/judiosmedievales\/wp-json\/wp\/v2\/pages\/105","targetHints":{"allow":["GET"]}}],"collection":[{"href":"https:\/\/blogs.ua.es\/judiosmedievales\/wp-json\/wp\/v2\/pages"}],"about":[{"href":"https:\/\/blogs.ua.es\/judiosmedievales\/wp-json\/wp\/v2\/types\/page"}],"author":[{"embeddable":true,"href":"https:\/\/blogs.ua.es\/judiosmedievales\/wp-json\/wp\/v2\/users\/2728"}],"replies":[{"embeddable":true,"href":"https:\/\/blogs.ua.es\/judiosmedievales\/wp-json\/wp\/v2\/comments?post=105"}],"version-history":[{"count":6,"href":"https:\/\/blogs.ua.es\/judiosmedievales\/wp-json\/wp\/v2\/pages\/105\/revisions"}],"predecessor-version":[{"id":122,"href":"https:\/\/blogs.ua.es\/judiosmedievales\/wp-json\/wp\/v2\/pages\/105\/revisions\/122"}],"up":[{"embeddable":true,"href":"https:\/\/blogs.ua.es\/judiosmedievales\/wp-json\/wp\/v2\/pages\/30"}],"wp:attachment":[{"href":"https:\/\/blogs.ua.es\/judiosmedievales\/wp-json\/wp\/v2\/media?parent=105"}],"curies":[{"name":"wp","href":"https:\/\/api.w.org\/{rel}","templated":true}]}}